

{"id":219,"date":"2014-05-28T09:09:07","date_gmt":"2014-05-28T08:09:07","guid":{"rendered":"http:\/\/www.ardes-group.com\/accueil\/service-rd\/"},"modified":"2023-02-07T16:49:36","modified_gmt":"2023-02-07T15:49:36","slug":"service-rd-2","status":"publish","type":"page","link":"https:\/\/www.ardes-group.com\/fr\/accueil\/service-rd-2\/","title":{"rendered":"Service Recherche et D\u00e9veloppement"},"content":{"rendered":"<div class=\"pf-content\"><p>[vc_row el_class=&#8221;section-recherche&#8221;][vc_column el_class=&#8221;texte-intro-centre&#8221;][vc_column_text]<\/p>\n<p style=\"text-align: left;\">L\u2019objectif principal d\u2019ARDES est de participer, de mani\u00e8re permanente, \u00e0 am\u00e9liorer le travail quotidien des \u00e9leveurs et v\u00e9t\u00e9rinaires. Le service Recherche et D\u00e9veloppement est \u00e0 l\u2019\u00e9coute des utilisateurs, pour concevoir de nouveaux produits et d\u00e9velopper les gammes existantes. Cette m\u00e9thode de travail efficace et ma\u00eetris\u00e9e par ARDES a \u00e9t\u00e9 reconnue et r\u00e9compens\u00e9e, avec le premier prix du Troph\u00e9e de l\u2019Innovation, remis par la Chambre de Commerce et d\u2019Industrie de la r\u00e9gion Rh\u00f4ne-Alpes.<\/p>\n<p>[\/vc_column_text][\/vc_column][\/vc_row][vc_row el_class=&#8221;col-recherche&#8221;][vc_column el_class=&#8221;col-left-recherche&#8221;][vc_single_image image=&#8221;558&#8243; img_size=&#8221;medium&#8221;][vc_column_text]<\/p>\n<h2 style=\"text-align: center;\">Processus d\u2019innovation\u00a0ma\u00eetris\u00e9<\/h2>\n<h3 style=\"text-align: left;\">\u00a0Participation des \u00e9leveurs et v\u00e9t\u00e9rinaires<\/h3>\n<p style=\"text-align: left;\">L\u2019\u00e9quipe du service R&amp;D va \u00e0 la rencontre des utilisateurs de ses produits pour r\u00e9aliser des tests sur le terrain. Les \u00e9leveurs et v\u00e9t\u00e9rinaires donnent leurs ressentis et avis lors de face \u00e0 face, durant toute les phases de d\u00e9veloppement et de conception des produits. Une volont\u00e9 du service R&amp;D qui permet d\u2019avoir des produits ARDES fonctionnels, efficaces, r\u00e9pondant \u00e0 un maximum de besoins des utilisateurs.<\/p>\n<p style=\"text-align: left;\">A titre d\u2019exemple, lors du d\u00e9veloppement de notre derni\u00e8re g\u00e9n\u00e9ration de boucles d\u2019identification visuelle, 60 \u00e9leveurs de diff\u00e9rentes r\u00e9gions de France ont \u00e9t\u00e9 choisis pour tester les boucles sur leurs animaux durant 2 ann\u00e9es.<\/p>\n<h3 style=\"text-align: left;\">Prototypage fonctionnel<\/h3>\n<p style=\"text-align: left;\">En phase de conception, plusieurs prototypes fonctionnels sont test\u00e9s, jusqu\u2019\u00e0 ce que la maquette remplisse toutes les fonctions attendues. Ces prototypes sont imprim\u00e9s en 3 dimensions\u00a0 gr\u00e2ce \u00e0 l\u2019innovante technologie d\u2019impression par st\u00e9r\u00e9o.<\/p>\n<p style=\"text-align: left;\"><a href=\"http:\/\/www.ardes-group.com\/wp-content\/uploads\/2015\/03\/boucle-crocodile.jpg\"><img loading=\"lazy\" decoding=\"async\" class=\"aligncenter size-taille-page-produit wp-image-4510\" src=\"http:\/\/www.ardes-group.com\/wp-content\/uploads\/2015\/03\/boucle-crocodile-460x322.jpg\" alt=\"Assemblage\" width=\"460\" height=\"322\" srcset=\"https:\/\/www.ardes-group.com\/wp-content\/uploads\/2015\/03\/boucle-crocodile-460x322.jpg 460w, https:\/\/www.ardes-group.com\/wp-content\/uploads\/2015\/03\/boucle-crocodile-300x210.jpg 300w, https:\/\/www.ardes-group.com\/wp-content\/uploads\/2015\/03\/boucle-crocodile-1024x716.jpg 1024w, https:\/\/www.ardes-group.com\/wp-content\/uploads\/2015\/03\/boucle-crocodile-111x78.jpg 111w\" sizes=\"auto, (max-width: 460px) 100vw, 460px\" \/><\/a><\/p>\n<h3 style=\"text-align: left;\">Produits test\u00e9s et valid\u00e9s en laboratoires<\/h3>\n<p style=\"text-align: left;\">ARDES s\u2019impose d\u2019avoir un niveau de performance sup\u00e9rieur \u00e0 la concurrence. Des tests sur les produits sont syst\u00e9matiquement r\u00e9alis\u00e9s chez nos partenaires. Leurs appareils de mesure et de test permettent de valider les prototypes et d\u2019effectuer des comparaisons avec les produits concurrents du march\u00e9.<\/p>\n<p style=\"text-align: left;\">Des s\u00e9ries de tests sont effectu\u00e9es avec notre partenaire Centre Techniques des Industries M\u00e9caniques (CETIM)\u00a0: test de r\u00e9sistance \u00e0 la traction, test de vieillissement de mati\u00e8re, test de r\u00e9sistance du marquage, test de duret\u00e9 de mati\u00e8re<\/p>\n<p style=\"text-align: justify;\">Le centre d\u2019essais fran\u00e7ais RFTLAB, sp\u00e9cialiste fran\u00e7ais de la RFID (Radio Fr\u00e9quence Identification) a accompagn\u00e9 ARDES dans le d\u00e9veloppement d\u2019une gamme de boucle \u00e9lectronique, garantissant de hautes performances. En effet, la distance de lecture des boucles \u00e9lectroniques ARDES par les lecteurs du march\u00e9, est au minimum 7% plus grande que celle obtenue avec les boucles \u00e9lectroniques concurrentes.<\/p>\n<p>[\/vc_column_text][\/vc_column][vc_column el_class=&#8221;col-right-recherche&#8221;][vc_single_image image=&#8221;722&#8243; img_size=&#8221;large&#8221; alignment=&#8221;right&#8221;][vc_column_text]<\/p>\n<h2 style=\"padding-left: 60px; text-align: center;\">Expertise du service<br \/>\nRecherche et D\u00e9veloppement<\/h2>\n<h3 style=\"text-align: justify; padding-left: 60px;\">Constante recherche d\u2019am\u00e9lioration<\/h3>\n<p style=\"text-align: justify; padding-left: 60px;\">Les ing\u00e9nieurs d\u2019ARDES exercent une veille technologique constante\u00a0: sur les salons professionnels, lors des d\u00e9placements \u00e0 l\u2019\u00e9tranger et des \u00e9changes avec les partenaires experts. Ils sont alors rapidement inform\u00e9s des innovations. Des \u00e9tudes approfondies d\u00e9terminent ensuite si ces innovations, ou nouveaut\u00e9s, peuvent \u00eatre ou non appliqu\u00e9es aux\u00a0produits actuels ou futurs.<\/p>\n<h3 style=\"text-align: justify; padding-left: 60px;\">R\u00e9seau de professionnel de la plasturgie<\/h3>\n<p style=\"text-align: justify; padding-left: 60px;\">ARDES collabore avec des moulistes, bureaux d\u2019\u00e9tudes, designers, situ\u00e9s \u00e0 quelques kilom\u00e8tres du site de production. Une proximit\u00e9 qui permet d\u2019avoir des \u00e9changes r\u00e9guliers et une relation de confiance, pour d\u00e9velopper des produits et solutions de production efficace. Ces partenaires conseillent ainsi ARDES et apportent une expertise durant toutes les phases de Recherche et D\u00e9veloppement.<\/p>\n<h3 style=\"text-align: justify; padding-left: 60px;\">Utilisation de polym\u00e8res derni\u00e8res g\u00e9n\u00e9rations<\/h3>\n<p style=\"text-align: justify; padding-left: 60px;\">ARDES est accompagn\u00e9 par un partenaire expert en polym\u00e8res, la Mat\u00e9riautech \u00ae de Lyon, qui nous donne acc\u00e8s \u00e0 un panel de plus de 450 mati\u00e8res plastiques, de textures, r\u00e9sistances chimiques et m\u00e9caniques vari\u00e9es (utilis\u00e9es dans diff\u00e9rents secteurs technologiques comme l\u2019a\u00e9ronautique, l\u2019automobile\u2026). Les ing\u00e9nieurs nous apportent ensuite leurs conseils dans la s\u00e9lection des mati\u00e8res, les plus appropri\u00e9es \u00e0 nos sp\u00e9cifications.<\/p>\n<p>[\/vc_column_text][\/vc_column][\/vc_row][vc_row el_class=&#8221;section-recherche&#8221;][vc_column][vc_column_text]<\/p>\n<h2>D\u00e9veloppement de produits sur-mesure<\/h2>\n<p style=\"text-align: left;\">Le service R&amp;D a les comp\u00e9tences pour \u00e9tudier des probl\u00e9matiques li\u00e9es \u00e0 l\u2019injection de tous types de fluides et la tra\u00e7abilit\u00e9 de tout type d\u2019objet. En effet, les comp\u00e9tences et le savoir-faire unique d\u2019ARDES en plasturgie, permettent aujourd\u2019hui de r\u00e9pondre aux demandes sp\u00e9cifiques de clients grands comptes, distributeurs, de tous secteurs. Ces demandes font l\u2019objet de cahier des charges,\u00a0de travail en collaboration avec les ing\u00e9nieurs, qui \u00e9tudieront les solutions possibles avec un vaste r\u00e9seau d\u2019experts.<\/p>\n<h4 style=\"text-align: left;\"><a title=\"Contact\" href=\"http:\/\/www.ardes-group.com\/fr\/contact\/\" target=\"_blank\" rel=\"noopener\">Contactez-nous pour toutes demandes d\u2019\u00e9tude de projets sp\u00e9cifiques<\/a><\/h4>\n<p>[\/vc_column_text][\/vc_column][\/vc_row]<\/p>\n<\/div>","protected":false},"excerpt":{"rendered":"<p>[vc_row el_class=&#8221;section-recherche&#8221;][vc_column el_class=&#8221;texte-intro-centre&#8221;][vc_column_text] L\u2019objectif principal d\u2019ARDES est de participer, de mani\u00e8re permanente, \u00e0 am\u00e9liorer le travail quotidien des \u00e9leveurs et v\u00e9t\u00e9rinaires. Le service Recherche et D\u00e9veloppement est \u00e0 l\u2019\u00e9coute des utilisateurs, pour concevoir de nouveaux produits et d\u00e9velopper les gammes existantes. Cette m\u00e9thode de travail efficace et ma\u00eetris\u00e9e par ARDES a \u00e9t\u00e9 reconnue et r\u00e9compens\u00e9e, [&hellip;]<\/p>\n","protected":false},"author":4,"featured_media":0,"parent":12,"menu_order":21,"comment_status":"open","ping_status":"open","template":"","meta":{"footnotes":""},"class_list":["post-219","page","type-page","status-publish","hentry"],"acf":[],"_links":{"self":[{"href":"https:\/\/www.ardes-group.com\/fr\/wp-json\/wp\/v2\/pages\/219\/"}],"collection":[{"href":"https:\/\/www.ardes-group.com\/fr\/wp-json\/wp\/v2\/pages\/"}],"about":[{"href":"https:\/\/www.ardes-group.com\/fr\/wp-json\/wp\/v2\/types\/page\/"}],"author":[{"embeddable":true,"href":"https:\/\/www.ardes-group.com\/fr\/wp-json\/wp\/v2\/users\/4\/"}],"replies":[{"embeddable":true,"href":"https:\/\/www.ardes-group.com\/fr\/wp-json\/wp\/v2\/comments\/?post=219"}],"version-history":[{"count":10,"href":"https:\/\/www.ardes-group.com\/fr\/wp-json\/wp\/v2\/pages\/219\/revisions\/"}],"predecessor-version":[{"id":18647,"href":"https:\/\/www.ardes-group.com\/fr\/wp-json\/wp\/v2\/pages\/219\/revisions\/18647\/"}],"up":[{"embeddable":true,"href":"https:\/\/www.ardes-group.com\/fr\/wp-json\/wp\/v2\/pages\/12\/"}],"wp:attachment":[{"href":"https:\/\/www.ardes-group.com\/fr\/wp-json\/wp\/v2\/media\/?parent=219"}],"curies":[{"name":"wp","href":"https:\/\/api.w.org\/{rel}","templated":true}]}}